{"id":938,"date":"2025-06-07T22:47:40","date_gmt":"2025-06-07T20:47:40","guid":{"rendered":"https:\/\/akaneyajapan.com\/politica-de-privacidad\/"},"modified":"2025-06-24T21:22:30","modified_gmt":"2025-06-24T19:22:30","slug":"politica-de-privacidad","status":"publish","type":"page","link":"https:\/\/akaneyajapan.com\/fr\/politica-de-privacidad\/","title":{"rendered":"Politique de confidentialit\u00e9"},"content":{"rendered":"<h3 data-start=\"61\" data-end=\"94\"><strong data-start=\"65\" data-end=\"94\">Responsable du traitement<\/strong><\/h3>\n<p data-start=\"96\" data-end=\"202\">L\u2019entreprise responsable du traitement de vos donn\u00e9es selon la pr\u00e9sente Politique de confidentialit\u00e9 est :<\/p>\n<p data-start=\"204\" data-end=\"498\"><strong data-start=\"204\" data-end=\"227\">GRUPO AKANEYA, S.L.<\/strong><br data-start=\"227\" data-end=\"230\" \/>NIF : B65393795<br data-start=\"245\" data-end=\"248\" \/>Adresse : Rambla Catalunya, 68 \u2013 2\u1d49, 08007 Barcelone (Barcelone)<br data-start=\"312\" data-end=\"315\" \/>E-mail : <a class=\"cursor-pointer\" rel=\"noopener\" data-start=\"324\" data-end=\"346\">grupoakaneya@gmail.com<\/a><br data-start=\"346\" data-end=\"349\" \/>Site web : <a class=\"\" href=\"http:\/\/www.carlotaakaneya.com\" target=\"_new\" rel=\"noopener\" data-start=\"360\" data-end=\"382\">www.carlotaakaneya.com<\/a><br data-start=\"382\" data-end=\"385\" \/>T\u00e9l\u00e9phone : 932726843<br data-start=\"406\" data-end=\"409\" \/>Inscrite au Registre du commerce de Barcelone, Tome 42107, Feuillet 183, Feuille B-402307<\/p>\n<p data-start=\"500\" data-end=\"710\">Chez <strong data-start=\"505\" data-end=\"528\">GRUPO AKANEYA, S.L.<\/strong>, nous reconnaissons l\u2019importance de prot\u00e9ger vos donn\u00e9es personnelles et nous nous engageons \u00e0 les traiter de mani\u00e8re responsable et conforme aux lois sur la protection des donn\u00e9es.<\/p>\n<p data-start=\"712\" data-end=\"949\">La pr\u00e9sente politique de confidentialit\u00e9 vise \u00e0 r\u00e9guler tous les aspects relatifs au traitement des donn\u00e9es des diff\u00e9rents utilisateurs qui naviguent ou fournissent leurs donn\u00e9es personnelles via les formulaires pr\u00e9sents sur le site web.<\/p>\n<hr data-start=\"951\" data-end=\"954\" \/>\n<h3 data-start=\"956\" data-end=\"984\"><strong data-start=\"960\" data-end=\"984\">Donn\u00e9es personnelles<\/strong><\/h3>\n<p data-start=\"986\" data-end=\"1557\">Une donn\u00e9e personnelle est toute information qui permet de vous identifier ou de vous rendre identifiable. Via notre site web, nous recueillons les donn\u00e9es personnelles que l&#8217;utilisateur nous communique dans les champs pr\u00e9vus \u00e0 cet effet : nom, pr\u00e9nom, adresse e-mail, t\u00e9l\u00e9phone, adresse postale, ville, etc., ainsi que toutes les donn\u00e9es que vous fournissez volontairement via les r\u00e9seaux sociaux sur lesquels vous \u00eates inscrit. Dans ce cas, la confidentialit\u00e9 d\u00e9pendra des param\u00e8tres d\u00e9finis par l\u2019utilisateur ainsi que des conditions g\u00e9n\u00e9rales de chaque r\u00e9seau social.<\/p>\n<p data-start=\"1559\" data-end=\"1882\">La simple visite de l\u2019utilisateur sur notre site web n\u2019implique pas qu\u2019il doive fournir des informations personnelles. Toutefois, s\u2019il d\u00e9cide de le faire, ses donn\u00e9es seront trait\u00e9es de mani\u00e8re licite et conform\u00e9ment aux principes et droits \u00e9nonc\u00e9s dans le RGPD 2016\/679 du 27 avril 2016 et la LOPDGDD 3\/2018 du 5 d\u00e9cembre.<\/p>\n<hr data-start=\"1884\" data-end=\"1887\" \/>\n<h3 data-start=\"1889\" data-end=\"1942\"><strong data-start=\"1893\" data-end=\"1942\">Finalit\u00e9, dur\u00e9e et l\u00e9gitimation du traitement<\/strong><\/h3>\n<p data-start=\"1944\" data-end=\"2017\">Les donn\u00e9es que vous nous fournissez seront trait\u00e9es aux fins suivantes :<\/p>\n<ul data-start=\"2019\" data-end=\"2789\">\n<li data-start=\"2019\" data-end=\"2447\">\n<p data-start=\"2021\" data-end=\"2447\"><strong data-start=\"2021\" data-end=\"2078\">Am\u00e9liorer votre exp\u00e9rience de navigation sur le site.<\/strong> Ces donn\u00e9es seront conserv\u00e9es tant que l\u2019utilisateur ne r\u00e9voque pas son consentement en supprimant les cookies, et ce pour une dur\u00e9e minimale de 3 ans comme l\u2019exige la loi. La base juridique est le consentement donn\u00e9 par l\u2019utilisateur en acceptant les cookies. Ce consentement peut \u00eatre retir\u00e9 \u00e0 tout moment sans que cela n\u2019affecte la l\u00e9galit\u00e9 du traitement pr\u00e9alable.<\/p>\n<\/li>\n<li data-start=\"2449\" data-end=\"2789\">\n<p data-start=\"2451\" data-end=\"2789\"><strong data-start=\"2451\" data-end=\"2519\">G\u00e9rer les r\u00e9servations via le formulaire disponible sur le site.<\/strong> Les donn\u00e9es seront conserv\u00e9es pendant toute la dur\u00e9e de la relation contractuelle, et au minimum pendant 3 ans selon la l\u00e9gislation applicable. Les donn\u00e9es relatives \u00e0 la sant\u00e9 (ex. allergies ou intol\u00e9rances) seront \u00e9galement utilis\u00e9es pour la gestion des r\u00e9servations.<\/p>\n<\/li>\n<\/ul>\n<p data-start=\"2791\" data-end=\"3015\">La base juridique du traitement des r\u00e9servations est l\u2019ex\u00e9cution du contrat entre les parties. En l\u2019absence de donn\u00e9es personnelles, la r\u00e9servation ne pourra pas \u00eatre trait\u00e9e, et le service demand\u00e9 ne pourra pas \u00eatre fourni.<\/p>\n<hr data-start=\"3017\" data-end=\"3020\" \/>\n<h3 data-start=\"3022\" data-end=\"3096\"><strong data-start=\"3026\" data-end=\"3096\">Communication ou transfert de donn\u00e9es et transferts internationaux<\/strong><\/h3>\n<p data-start=\"3098\" data-end=\"3301\">Vos donn\u00e9es ne seront ni communiqu\u00e9es ni transf\u00e9r\u00e9es \u00e0 des tiers, sauf obligation l\u00e9gale ou si cela est n\u00e9cessaire pour la prestation de services par des sous-traitants li\u00e9s au Responsable du traitement.<\/p>\n<p data-start=\"3303\" data-end=\"3469\">Aucun transfert international de donn\u00e9es n\u2019est pr\u00e9vu. Si un tel transfert devait avoir lieu, vous en seriez inform\u00e9 et votre consentement serait demand\u00e9 au pr\u00e9alable.<\/p>\n<hr data-start=\"3471\" data-end=\"3474\" \/>\n<h3 data-start=\"3476\" data-end=\"3507\"><strong data-start=\"3480\" data-end=\"3507\">Mise \u00e0 jour des donn\u00e9es<\/strong><\/h3>\n<p data-start=\"3509\" data-end=\"3711\">Afin de garantir que vos donn\u00e9es sont toujours \u00e0 jour, il est important que vous nous communiquiez toute modification. Dans le cas contraire, nous ne pourrons \u00eatre tenus responsables de leur exactitude.<\/p>\n<p data-start=\"3713\" data-end=\"3862\">L\u2019utilisateur garantit que les donn\u00e9es personnelles fournies sont exactes, actuelles et compl\u00e8tes, et s\u2019engage \u00e0 nous informer de toute modification.<\/p>\n<hr data-start=\"3864\" data-end=\"3867\" \/>\n<h3 data-start=\"3869\" data-end=\"3893\"><strong data-start=\"3873\" data-end=\"3893\">Donn\u00e9es de tiers<\/strong><\/h3>\n<p data-start=\"3895\" data-end=\"4186\">Si l\u2019utilisateur fournit des donn\u00e9es personnelles de tiers \u00e0 <strong data-start=\"3956\" data-end=\"3979\">GRUPO AKANEYA, S.L.<\/strong>, il garantit avoir obtenu ces donn\u00e9es l\u00e9galement, avoir inform\u00e9 les personnes concern\u00e9es et obtenu leur consentement pour la communication de ces informations, lesquelles doivent \u00eatre exactes et v\u00e9ridiques.<\/p>\n<hr data-start=\"4188\" data-end=\"4191\" \/>\n<h3 data-start=\"4193\" data-end=\"4249\"><strong data-start=\"4197\" data-end=\"4249\">Caract\u00e8re obligatoire des informations demand\u00e9es<\/strong><\/h3>\n<p data-start=\"4251\" data-end=\"4511\">Tous les formulaires de notre site comportent un ast\u00e9risque (*) indiquant les champs obligatoires. Si ces champs ne sont pas compl\u00e9t\u00e9s, ou si la case d\u2019acceptation de la politique de confidentialit\u00e9 n\u2019est pas coch\u00e9e, l\u2019envoi du formulaire ne sera pas autoris\u00e9.<\/p>\n<hr data-start=\"4513\" data-end=\"4516\" \/>\n<h3 data-start=\"4518\" data-end=\"4555\"><strong data-start=\"4522\" data-end=\"4555\">Utilisation des mots de passe<\/strong><\/h3>\n<p data-start=\"4557\" data-end=\"4763\">Pour acc\u00e9der \u00e0 l\u2019Espace Priv\u00e9, l\u2019utilisateur doit se connecter en saisissant l\u2019adresse e-mail et le mot de passe cr\u00e9\u00e9s lors de l\u2019enregistrement, en respectant les crit\u00e8res de complexit\u00e9 d\u00e9finis sur le site.<\/p>\n<p data-start=\"4765\" data-end=\"4968\">L\u2019utilisateur est responsable de la confidentialit\u00e9 et de la bonne utilisation de ses identifiants et mots de passe, et s\u2019engage \u00e0 ne pas les transmettre \u00e0 des tiers ni \u00e0 permettre un acc\u00e8s non autoris\u00e9.<\/p>\n<p data-start=\"4970\" data-end=\"5124\">Il s\u2019engage \u00e9galement \u00e0 signaler imm\u00e9diatement au Responsable tout usage frauduleux ou perte d\u2019identifiants, afin de proc\u00e9der \u00e0 leur annulation imm\u00e9diate.<\/p>\n<hr data-start=\"5126\" data-end=\"5129\" \/>\n<h3 data-start=\"5131\" data-end=\"5170\"><strong data-start=\"5135\" data-end=\"5170\">Droits des personnes concern\u00e9es<\/strong><\/h3>\n<p data-start=\"5172\" data-end=\"5390\">Vous avez le droit d\u2019acc\u00e9der \u00e0 vos donn\u00e9es personnelles, d\u2019en obtenir une copie, de demander leur mise \u00e0 jour ou leur rectification si elles sont inexactes, ou encore leur suppression si elles ne sont plus n\u00e9cessaires.<\/p>\n<p data-start=\"5392\" data-end=\"5595\">Vous pouvez \u00e9galement demander la limitation ou l\u2019opposition au traitement, retirer votre consentement, exercer votre droit \u00e0 la portabilit\u00e9 des donn\u00e9es et ne pas faire l\u2019objet de d\u00e9cisions automatis\u00e9es.<\/p>\n<p data-start=\"5597\" data-end=\"5745\">Pour exercer vos droits, veuillez nous contacter \u00e0 :<br data-start=\"5649\" data-end=\"5652\" \/><strong data-start=\"5652\" data-end=\"5707\">Rambla Catalunya, 68 2\u1d49 \u2013 08007 Barcelone (Espagne)<\/strong><br data-start=\"5707\" data-end=\"5710\" \/><strong data-start=\"5710\" data-end=\"5720\">E-mail<\/strong> : <a class=\"cursor-pointer\" rel=\"noopener\" data-start=\"5723\" data-end=\"5745\">grupoakaneya@gmail.com<\/a><\/p>\n<p data-start=\"5747\" data-end=\"5922\">Si vous estimez que vos droits n\u2019ont pas \u00e9t\u00e9 respect\u00e9s, vous pouvez introduire une r\u00e9clamation aupr\u00e8s de l\u2019autorit\u00e9 de contr\u00f4le comp\u00e9tente : <a class=\"\" href=\"https:\/\/www.aepd.es\" target=\"_new\" rel=\"noopener\" data-start=\"5888\" data-end=\"5922\">www.aepd.es<\/a><\/p>\n<hr data-start=\"5924\" data-end=\"5927\" \/>\n<h3 data-start=\"5929\" data-end=\"5971\"><strong data-start=\"5933\" data-end=\"5971\">Traitement des donn\u00e9es des mineurs<\/strong><\/h3>\n<p data-start=\"5973\" data-end=\"6175\">Toute personne fournissant ses donn\u00e9es via ce site web et acceptant leur traitement d\u00e9clare \u00eatre \u00e2g\u00e9e d\u2019au moins 14 ans. L\u2019acc\u00e8s au site et son utilisation sont interdits aux mineurs de moins de 14 ans.<\/p>\n<p data-start=\"6177\" data-end=\"6479\">Si nous d\u00e9tectons que des donn\u00e9es personnelles d\u2019un mineur de moins de 14 ans ont \u00e9t\u00e9 fournies, nous proc\u00e9derons \u00e0 leur suppression imm\u00e9diate. Les parents ou tuteurs peuvent \u00e9galement demander \u00e0 <strong data-start=\"6372\" data-end=\"6395\">GRUPO AKANEYA, S.L.<\/strong> de bloquer le compte d\u2019un mineur qui se serait enregistr\u00e9 en usurpant une identit\u00e9.<\/p>\n<hr data-start=\"6481\" data-end=\"6484\" \/>\n<h3 data-start=\"6486\" data-end=\"6516\"><strong data-start=\"6490\" data-end=\"6516\">Traitement des cookies<\/strong><\/h3>\n<p data-start=\"6518\" data-end=\"6812\">Un cookie est un petit fichier stock\u00e9 sur l\u2019ordinateur de l\u2019utilisateur lorsqu\u2019il acc\u00e8de \u00e0 un site web. Il permet, entre autres, de recueillir des informations sur ses habitudes de navigation. En fonction de leur contenu et de leur usage, les cookies peuvent servir \u00e0 reconna\u00eetre l\u2019utilisateur.<\/p>\n<p data-start=\"6814\" data-end=\"6976\">L\u2019utilisateur peut configurer son navigateur pour emp\u00eacher l\u2019installation de cookies. Pour plus d\u2019informations, veuillez consulter notre <strong data-start=\"6951\" data-end=\"6975\">Politique de Cookies<\/strong>.<\/p>\n<hr data-start=\"6978\" data-end=\"6981\" \/>\n<p data-start=\"6983\" data-end=\"7019\"><strong data-start=\"6983\" data-end=\"7019\">Date de mise \u00e0 jour : 23\/05\/2019<\/strong><\/p>\n","protected":false},"excerpt":{"rendered":"<p>Responsable du traitement L\u2019entreprise responsable du traitement de vos donn\u00e9es selon la pr\u00e9sente Politique de confidentialit\u00e9 est : GRUPO AKANEYA, S.L.NIF : B65393795Adresse : Rambla Catalunya, 68 \u2013 2\u1d49, 08007 Barcelone (Barcelone)E-mail : grupoakaneya@gmail.comSite web : www.carlotaakaneya.comT\u00e9l\u00e9phone : 932726843Inscrite au Registre du commerce de Barcelone, Tome 42107, Feuillet 183, Feuille B-402307 Chez GRUPO AKANEYA, S.L., [&hellip;]<\/p>\n","protected":false},"author":1,"featured_media":0,"parent":0,"menu_order":0,"comment_status":"closed","ping_status":"closed","template":"","meta":{"_acf_changed":false,"footnotes":""},"class_list":["post-938","page","type-page","status-publish","hentry"],"acf":[],"_links":{"self":[{"href":"https:\/\/akaneyajapan.com\/fr\/wp-json\/wp\/v2\/pages\/938","targetHints":{"allow":["GET"]}}],"collection":[{"href":"https:\/\/akaneyajapan.com\/fr\/wp-json\/wp\/v2\/pages"}],"about":[{"href":"https:\/\/akaneyajapan.com\/fr\/wp-json\/wp\/v2\/types\/page"}],"author":[{"embeddable":true,"href":"https:\/\/akaneyajapan.com\/fr\/wp-json\/wp\/v2\/users\/1"}],"replies":[{"embeddable":true,"href":"https:\/\/akaneyajapan.com\/fr\/wp-json\/wp\/v2\/comments?post=938"}],"version-history":[{"count":2,"href":"https:\/\/akaneyajapan.com\/fr\/wp-json\/wp\/v2\/pages\/938\/revisions"}],"predecessor-version":[{"id":1804,"href":"https:\/\/akaneyajapan.com\/fr\/wp-json\/wp\/v2\/pages\/938\/revisions\/1804"}],"wp:attachment":[{"href":"https:\/\/akaneyajapan.com\/fr\/wp-json\/wp\/v2\/media?parent=938"}],"curies":[{"name":"wp","href":"https:\/\/api.w.org\/{rel}","templated":true}]}}